{"id":4708,"date":"2023-10-02T11:08:28","date_gmt":"2023-10-02T10:08:28","guid":{"rendered":"https:\/\/labintersection.com\/?page_id=4708"},"modified":"2023-10-02T21:04:32","modified_gmt":"2023-10-02T20:04:32","slug":"actualites-2","status":"publish","type":"page","link":"https:\/\/labintersection.com\/index.php\/actualites-2\/","title":{"rendered":"Actualit\u00e9s #2"},"content":{"rendered":"<style>.kb-row-layout-id4708_8912d5-c4 > .kt-row-column-wrap{align-content:start;}:where(.kb-row-layout-id4708_8912d5-c4 > .kt-row-column-wrap) > .wp-block-kadence-column{justify-content:start;}.kb-row-layout-id4708_8912d5-c4 > .kt-row-column-wrap{column-gap:var(--global-kb-gap-md, 2rem);row-gap:var(--global-kb-gap-md, 2rem);max-width:var( --global-content-width, 1290px );padding-left:var(--global-content-edge-padding);padding-right:var(--global-content-edge-padding);padding-top:150px;padding-bottom:25px;grid-template-columns:minmax(0, 1fr);}.kb-row-layout-id4708_8912d5-c4 > .kt-row-layout-overlay{opacity:0.30;}@media all and (max-width: 1024px){.kb-row-layout-id4708_8912d5-c4 > .kt-row-column-wrap{grid-template-columns:minmax(0, 1fr);}}@media all and (max-width: 767px){.kb-row-layout-id4708_8912d5-c4 > .kt-row-column-wrap{grid-template-columns:minmax(0, 1fr);}}<\/style><div class=\"kb-row-layout-wrap kb-row-layout-id4708_8912d5-c4 alignnone wp-block-kadence-rowlayout\"><div class=\"kt-row-column-wrap kt-has-1-columns kt-row-layout-equal kt-tab-layout-inherit kt-mobile-layout-row kt-row-valign-top kb-theme-content-width\">\n<style>.kadence-column4708_ae3ca5-29 > .kt-inside-inner-col,.kadence-column4708_ae3ca5-29 > .kt-inside-inner-col:before{border-top-left-radius:0px;border-top-right-radius:0px;border-bottom-right-radius:0px;border-bottom-left-radius:0px;}.kadence-column4708_ae3ca5-29 > .kt-inside-inner-col{column-gap:var(--global-kb-gap-sm, 1rem);}.kadence-column4708_ae3ca5-29 > .kt-inside-inner-col{flex-direction:column;}.kadence-column4708_ae3ca5-29 > .kt-inside-inner-col > .aligncenter{width:100%;}.kadence-column4708_ae3ca5-29 > .kt-inside-inner-col:before{opacity:0.3;}.kadence-column4708_ae3ca5-29{position:relative;}@media all and (max-width: 1024px){.kadence-column4708_ae3ca5-29 > .kt-inside-inner-col{flex-direction:column;justify-content:center;}}@media all and (max-width: 767px){.kadence-column4708_ae3ca5-29 > .kt-inside-inner-col{flex-direction:column;justify-content:center;}}<\/style>\n<div class=\"wp-block-kadence-column kadence-column4708_ae3ca5-29 inner-column-1\"><div class=\"kt-inside-inner-col\"><style>.kb-row-layout-id4708_fc591f-9d > .kt-row-column-wrap{align-content:start;}:where(.kb-row-layout-id4708_fc591f-9d > .kt-row-column-wrap) > .wp-block-kadence-column{justify-content:start;}.kb-row-layout-id4708_fc591f-9d > .kt-row-column-wrap{column-gap:var(--global-kb-gap-md, 2rem);row-gap:var(--global-kb-gap-md, 2rem);padding-top:25px;padding-bottom:50px;grid-template-columns:minmax(0, 1fr);}.kb-row-layout-id4708_fc591f-9d > .kt-row-layout-overlay{opacity:0.30;}@media all and (max-width: 1024px){.kb-row-layout-id4708_fc591f-9d > .kt-row-column-wrap{grid-template-columns:minmax(0, 1fr);}}@media all and (max-width: 767px){.kb-row-layout-id4708_fc591f-9d > .kt-row-column-wrap{grid-template-columns:minmax(0, 1fr);}}<\/style><div class=\"kb-row-layout-wrap kb-row-layout-id4708_fc591f-9d alignnone wp-block-kadence-rowlayout\"><div class=\"kt-row-column-wrap kt-has-1-columns kt-row-layout-equal kt-tab-layout-inherit kt-mobile-layout-row kt-row-valign-top\">\n<style>.kadence-column4708_56198d-16 > .kt-inside-inner-col,.kadence-column4708_56198d-16 > .kt-inside-inner-col:before{border-top-left-radius:0px;border-top-right-radius:0px;border-bottom-right-radius:0px;border-bottom-left-radius:0px;}.kadence-column4708_56198d-16 > .kt-inside-inner-col{column-gap:var(--global-kb-gap-sm, 1rem);}.kadence-column4708_56198d-16 > .kt-inside-inner-col{flex-direction:column;}.kadence-column4708_56198d-16 > .kt-inside-inner-col > .aligncenter{width:100%;}.kadence-column4708_56198d-16 > .kt-inside-inner-col:before{opacity:0.3;}.kadence-column4708_56198d-16{position:relative;}@media all and (max-width: 1024px){.kadence-column4708_56198d-16 > .kt-inside-inner-col{flex-direction:column;justify-content:center;}}@media all and (max-width: 767px){.kadence-column4708_56198d-16 > .kt-inside-inner-col{flex-direction:column;justify-content:center;}}<\/style>\n<div class=\"wp-block-kadence-column kadence-column4708_56198d-16\"><div class=\"kt-inside-inner-col\"><style>.wp-block-kadence-advancedheading.kt-adv-heading4708_c05e15-c0, .wp-block-kadence-advancedheading.kt-adv-heading4708_c05e15-c0[data-kb-block=\"kb-adv-heading4708_c05e15-c0\"]{font-size:60px;font-weight:700;font-style:normal;font-family:Poppins;}.wp-block-kadence-advancedheading.kt-adv-heading4708_c05e15-c0 mark.kt-highlight, .wp-block-kadence-advancedheading.kt-adv-heading4708_c05e15-c0[data-kb-block=\"kb-adv-heading4708_c05e15-c0\"] mark.kt-highlight{font-style:normal;color:#f76a0c;-webkit-box-decoration-break:clone;box-decoration-break:clone;padding-top:0px;padding-right:0px;padding-bottom:0px;padding-left:0px;}.wp-block-kadence-advancedheading.kt-adv-heading4708_c05e15-c0 img.kb-inline-image, .wp-block-kadence-advancedheading.kt-adv-heading4708_c05e15-c0[data-kb-block=\"kb-adv-heading4708_c05e15-c0\"] img.kb-inline-image{width:150px;vertical-align:baseline;}<\/style>\n<h2 class=\"kt-adv-heading4708_c05e15-c0 wp-block-kadence-advancedheading has-theme-palette-2-color has-text-color\" data-kb-block=\"kb-adv-heading4708_c05e15-c0\">Actualit\u00e9s<\/h2>\n<\/div><\/div>\n\n<\/div><\/div>\n\n<style>.kb-posts-id-4708_9363e4-56 .kb-post-list-item{display:grid;}<\/style><ul class=\"wp-block-kadence-posts kb-posts kadence-posts-list kb-posts-id-4708_9363e4-56 content-wrap grid-cols kb-posts-style-boxed grid-sm-col-2 grid-lg-col-3 item-image-style-above\"><li class=\"kb-post-list-item\">\n\t<article class=\"entry content-bg loop-entry post-4899 post type-post status-publish format-standard has-post-thumbnail hentry category-inclusion\">\n\t\t\t\t<a aria-hidden=\"true\" tabindex=\"-1\" role=\"presentation\" class=\"post-thumbnail kadence-thumbnail-ratio-2-3\" href=\"https:\/\/labintersection.com\/index.php\/2024\/06\/20\/pour-un-renforcement-de-linsertion-professionnelle-des-refugies\/\" aria-label=\"Pour un renforcement de l\u2019insertion professionnelle des r\u00e9fugi\u00e9s\">\n\t\t\t<div class=\"post-thumbnail-inner\">\n\t\t\t\t<img loading=\"lazy\" decoding=\"async\" width=\"768\" height=\"512\" src=\"https:\/\/labintersection.com\/wp-content\/uploads\/2024\/06\/insertion-refugie-768x512.jpg\" class=\"attachment-medium_large size-medium_large wp-post-image\" alt=\"Pour un renforcement de l\u2019insertion professionnelle des r\u00e9fugi\u00e9s\" srcset=\"https:\/\/labintersection.com\/wp-content\/uploads\/2024\/06\/insertion-refugie-768x512.jpg 768w, https:\/\/labintersection.com\/wp-content\/uploads\/2024\/06\/insertion-refugie-300x200.jpg 300w, https:\/\/labintersection.com\/wp-content\/uploads\/2024\/06\/insertion-refugie.jpg 1024w\" sizes=\"auto, (max-width: 768px) 100vw, 768px\" \/>\t\t\t<\/div>\n\t\t<\/a><!-- .post-thumbnail -->\n\t\t\t\t<div class=\"entry-content-wrap\">\n\t\t\t<header class=\"entry-header\">\n\t\t<div class=\"entry-taxonomies\">\n\t\t<span class=\"category-links term-links category-style-normal\">\n\t\t\t<a href=\"https:\/\/labintersection.com\/index.php\/category\/inclusion\/\" class=\"category-link-inclusion\" rel=\"tag\">Inclusion<\/a>\t\t<\/span>\n\t<\/div><!-- .entry-taxonomies -->\n\t<h2 class=\"entry-title\"><a href=\"https:\/\/labintersection.com\/index.php\/2024\/06\/20\/pour-un-renforcement-de-linsertion-professionnelle-des-refugies\/\" rel=\"bookmark\">Pour un renforcement de l\u2019insertion professionnelle des r\u00e9fugi\u00e9s<\/a><\/h2>\t<div class=\"entry-meta entry-meta-divider-dot\">\n\t<span class=\"posted-by\"><span class=\"author vcard\"><span class=\"fn n\">Intersection Le Lab<\/span><\/span><\/span>\t\t\t<span class=\"posted-on\">\n\t\t\t\t<time class=\"entry-date published\" datetime=\"2024-06-20T14:03:56+01:00\">20\/06\/2024<\/time><time class=\"updated\" datetime=\"2024-09-20T10:01:26+01:00\">20\/09\/2024<\/time>\t\t\t<\/span>\n\t\t\t\t<\/div><!-- .entry-meta -->\n\t<\/header><!-- .entry-header -->\n\t<div class=\"entry-summary\">\n\t\t<p>\u00c0 l&rsquo;occasion de la Journ\u00e9e mondiale des r\u00e9fugi\u00e9s, Intersection Le Lab et The Human Safety Net France, fondation de l\u2019assureur Generali, pr\u00e9sentent une \u00e9tude sur l\u2019insertion professionnelle des r\u00e9fugi\u00e9s. Ces travaux r\u00e9v\u00e8lent que les r\u00e9fugi\u00e9s offrent un potentiel consid\u00e9rable aux pays d&rsquo;accueil en termes de comp\u00e9tences et de diversit\u00e9, \u00e0 condition de pouvoir b\u00e9n\u00e9ficier d\u2019un&#8230;<\/p>\n\t<\/div><!-- .entry-summary -->\n\t<footer class=\"entry-footer\">\n\t\t\t<div class=\"entry-actions\">\n\t\t\t<p class=\"more-link-wrap\">\n\t\t\t\t<a href=\"https:\/\/labintersection.com\/index.php\/2024\/06\/20\/pour-un-renforcement-de-linsertion-professionnelle-des-refugies\/\" class=\"post-more-link\">\n\t\t\t\t\tLire la suite<span class=\"screen-reader-text\"> Pour un renforcement de l\u2019insertion professionnelle des r\u00e9fugi\u00e9s<\/span><span class=\"kadence-svg-iconset svg-baseline\"><svg aria-hidden=\"true\" class=\"kadence-svg-icon kadence-arrow-right-alt-svg\" fill=\"currentColor\" version=\"1.1\" xmlns=\"http:\/\/www.w3.org\/2000\/svg\" width=\"27\" height=\"28\" viewBox=\"0 0 27 28\"><title>Continuer<\/title><path d=\"M27 13.953c0 0.141-0.063 0.281-0.156 0.375l-6 5.531c-0.156 0.141-0.359 0.172-0.547 0.094-0.172-0.078-0.297-0.25-0.297-0.453v-3.5h-19.5c-0.281 0-0.5-0.219-0.5-0.5v-3c0-0.281 0.219-0.5 0.5-0.5h19.5v-3.5c0-0.203 0.109-0.375 0.297-0.453s0.391-0.047 0.547 0.078l6 5.469c0.094 0.094 0.156 0.219 0.156 0.359v0z\"><\/path>\n\t\t\t<\/svg><\/span>\t\t\t\t<\/a>\n\t\t\t<\/p>\n\t\t<\/div><!-- .entry-actions -->\n\t\t<\/footer><!-- .entry-footer -->\t\t<\/div>\n\t<\/article>\n<\/li>\n<li class=\"kb-post-list-item\">\n\t<article class=\"entry content-bg loop-entry post-4871 post type-post status-publish format-standard has-post-thumbnail hentry category-inclusion\">\n\t\t\t\t<a aria-hidden=\"true\" tabindex=\"-1\" role=\"presentation\" class=\"post-thumbnail kadence-thumbnail-ratio-2-3\" href=\"https:\/\/labintersection.com\/index.php\/2024\/01\/23\/pour-une-egalite-femme-homme-au-travail-la-necessite-de-mesures-audacieuses\/\" aria-label=\"Pour une \u00e9galit\u00e9 femme-homme au travail\u00a0: la n\u00e9cessit\u00e9 de mesures audacieuses\">\n\t\t\t<div class=\"post-thumbnail-inner\">\n\t\t\t\t<img loading=\"lazy\" decoding=\"async\" width=\"768\" height=\"512\" src=\"https:\/\/labintersection.com\/wp-content\/uploads\/2024\/01\/pexels-polina-zimmerman-3747246-768x512.jpg\" class=\"attachment-medium_large size-medium_large wp-post-image\" alt=\"Pour une \u00e9galit\u00e9 femme-homme au travail\u00a0: la n\u00e9cessit\u00e9 de mesures audacieuses\" srcset=\"https:\/\/labintersection.com\/wp-content\/uploads\/2024\/01\/pexels-polina-zimmerman-3747246-768x512.jpg 768w, https:\/\/labintersection.com\/wp-content\/uploads\/2024\/01\/pexels-polina-zimmerman-3747246-300x200.jpg 300w, https:\/\/labintersection.com\/wp-content\/uploads\/2024\/01\/pexels-polina-zimmerman-3747246-1024x683.jpg 1024w, https:\/\/labintersection.com\/wp-content\/uploads\/2024\/01\/pexels-polina-zimmerman-3747246-1536x1024.jpg 1536w, https:\/\/labintersection.com\/wp-content\/uploads\/2024\/01\/pexels-polina-zimmerman-3747246-2048x1365.jpg 2048w\" sizes=\"auto, (max-width: 768px) 100vw, 768px\" \/>\t\t\t<\/div>\n\t\t<\/a><!-- .post-thumbnail -->\n\t\t\t\t<div class=\"entry-content-wrap\">\n\t\t\t<header class=\"entry-header\">\n\t\t<div class=\"entry-taxonomies\">\n\t\t<span class=\"category-links term-links category-style-normal\">\n\t\t\t<a href=\"https:\/\/labintersection.com\/index.php\/category\/inclusion\/\" class=\"category-link-inclusion\" rel=\"tag\">Inclusion<\/a>\t\t<\/span>\n\t<\/div><!-- .entry-taxonomies -->\n\t<h2 class=\"entry-title\"><a href=\"https:\/\/labintersection.com\/index.php\/2024\/01\/23\/pour-une-egalite-femme-homme-au-travail-la-necessite-de-mesures-audacieuses\/\" rel=\"bookmark\">Pour une \u00e9galit\u00e9 femme-homme au travail\u00a0: la n\u00e9cessit\u00e9 de mesures audacieuses<\/a><\/h2>\t<div class=\"entry-meta entry-meta-divider-dot\">\n\t<span class=\"posted-by\"><span class=\"author vcard\"><span class=\"fn n\">Intersection Le Lab<\/span><\/span><\/span>\t\t\t<span class=\"posted-on\">\n\t\t\t\t<time class=\"entry-date published\" datetime=\"2024-01-23T16:04:46+01:00\">23\/01\/2024<\/time><time class=\"updated\" datetime=\"2024-01-23T16:12:25+01:00\">23\/01\/2024<\/time>\t\t\t<\/span>\n\t\t\t\t<\/div><!-- .entry-meta -->\n\t<\/header><!-- .entry-header -->\n\t<div class=\"entry-summary\">\n\t\t<p>Quel est le v\u00e9ritable \u00e9tat de l\u2019\u00e9galit\u00e9 professionnelle entre les femmes et les hommes en France&nbsp;? Une r\u00e9cente \u00e9tude du C\u00e9req (1) met en \u00e9vidence que les in\u00e9galit\u00e9s de genre se perp\u00e9tuent sur le march\u00e9 du travail, et ce malgr\u00e9 les initiatives mises en place par les pouvoirs publics au cours des derni\u00e8res ann\u00e9es. \u00c0&#8230;<\/p>\n\t<\/div><!-- .entry-summary -->\n\t<footer class=\"entry-footer\">\n\t\t\t<div class=\"entry-actions\">\n\t\t\t<p class=\"more-link-wrap\">\n\t\t\t\t<a href=\"https:\/\/labintersection.com\/index.php\/2024\/01\/23\/pour-une-egalite-femme-homme-au-travail-la-necessite-de-mesures-audacieuses\/\" class=\"post-more-link\">\n\t\t\t\t\tLire la suite<span class=\"screen-reader-text\"> Pour une \u00e9galit\u00e9 femme-homme au travail\u00a0: la n\u00e9cessit\u00e9 de mesures audacieuses<\/span><span class=\"kadence-svg-iconset svg-baseline\"><svg aria-hidden=\"true\" class=\"kadence-svg-icon kadence-arrow-right-alt-svg\" fill=\"currentColor\" version=\"1.1\" xmlns=\"http:\/\/www.w3.org\/2000\/svg\" width=\"27\" height=\"28\" viewBox=\"0 0 27 28\"><title>Continuer<\/title><path d=\"M27 13.953c0 0.141-0.063 0.281-0.156 0.375l-6 5.531c-0.156 0.141-0.359 0.172-0.547 0.094-0.172-0.078-0.297-0.25-0.297-0.453v-3.5h-19.5c-0.281 0-0.5-0.219-0.5-0.5v-3c0-0.281 0.219-0.5 0.5-0.5h19.5v-3.5c0-0.203 0.109-0.375 0.297-0.453s0.391-0.047 0.547 0.078l6 5.469c0.094 0.094 0.156 0.219 0.156 0.359v0z\"><\/path>\n\t\t\t<\/svg><\/span>\t\t\t\t<\/a>\n\t\t\t<\/p>\n\t\t<\/div><!-- .entry-actions -->\n\t\t<\/footer><!-- .entry-footer -->\t\t<\/div>\n\t<\/article>\n<\/li>\n<li class=\"kb-post-list-item\">\n\t<article class=\"entry content-bg loop-entry post-4847 post type-post status-publish format-standard has-post-thumbnail hentry category-education-societe\">\n\t\t\t\t<a aria-hidden=\"true\" tabindex=\"-1\" role=\"presentation\" class=\"post-thumbnail kadence-thumbnail-ratio-2-3\" href=\"https:\/\/labintersection.com\/index.php\/2023\/11\/29\/quelles-solutions-pour-favoriser-linsertion-professionnelle-des-neets\/\" aria-label=\"Quelles solutions pour favoriser l\u2019insertion professionnelle des NEETs\u00a0?\">\n\t\t\t<div class=\"post-thumbnail-inner\">\n\t\t\t\t<img loading=\"lazy\" decoding=\"async\" width=\"768\" height=\"512\" src=\"https:\/\/labintersection.com\/wp-content\/uploads\/2023\/11\/pexels-sora-shimazaki-5668869-768x512.jpg\" class=\"attachment-medium_large size-medium_large wp-post-image\" alt=\"Quelles solutions pour favoriser l\u2019insertion professionnelle des NEETs\u00a0?\" srcset=\"https:\/\/labintersection.com\/wp-content\/uploads\/2023\/11\/pexels-sora-shimazaki-5668869-768x512.jpg 768w, https:\/\/labintersection.com\/wp-content\/uploads\/2023\/11\/pexels-sora-shimazaki-5668869-300x200.jpg 300w, https:\/\/labintersection.com\/wp-content\/uploads\/2023\/11\/pexels-sora-shimazaki-5668869-1024x683.jpg 1024w, https:\/\/labintersection.com\/wp-content\/uploads\/2023\/11\/pexels-sora-shimazaki-5668869-1536x1024.jpg 1536w, https:\/\/labintersection.com\/wp-content\/uploads\/2023\/11\/pexels-sora-shimazaki-5668869-2048x1365.jpg 2048w\" sizes=\"auto, (max-width: 768px) 100vw, 768px\" \/>\t\t\t<\/div>\n\t\t<\/a><!-- .post-thumbnail -->\n\t\t\t\t<div class=\"entry-content-wrap\">\n\t\t\t<header class=\"entry-header\">\n\t\t<div class=\"entry-taxonomies\">\n\t\t<span class=\"category-links term-links category-style-normal\">\n\t\t\t<a href=\"https:\/\/labintersection.com\/index.php\/category\/education-societe\/\" class=\"category-link-education-societe\" rel=\"tag\">Education \/ Soci\u00e9t\u00e9<\/a>\t\t<\/span>\n\t<\/div><!-- .entry-taxonomies -->\n\t<h2 class=\"entry-title\"><a href=\"https:\/\/labintersection.com\/index.php\/2023\/11\/29\/quelles-solutions-pour-favoriser-linsertion-professionnelle-des-neets\/\" rel=\"bookmark\">Quelles solutions pour favoriser l\u2019insertion professionnelle des NEETs\u00a0?<\/a><\/h2>\t<div class=\"entry-meta entry-meta-divider-dot\">\n\t<span class=\"posted-by\"><span class=\"author vcard\"><span class=\"fn n\">Intersection Le Lab<\/span><\/span><\/span>\t\t\t<span class=\"posted-on\">\n\t\t\t\t<time class=\"entry-date published\" datetime=\"2023-11-29T20:06:40+01:00\">29\/11\/2023<\/time><time class=\"updated\" datetime=\"2023-11-29T20:11:55+01:00\">29\/11\/2023<\/time>\t\t\t<\/span>\n\t\t\t\t<\/div><!-- .entry-meta -->\n\t<\/header><!-- .entry-header -->\n\t<div class=\"entry-summary\">\n\t\t<p>En France, 12,8% des jeunes de 15 \u00e0 29 ans (soit 1,4 million de personnes) ne sont ni en emploi, ni en \u00e9tudes, ni en formation. Ce chiffre, qui place la France loin derri\u00e8re ses principaux voisins europ\u00e9ens, est rest\u00e9 relativement stable sur la derni\u00e8re d\u00e9cennie. Comme l\u2019explique Bernard Gazier, professeur d\u2019\u00e9conomie sp\u00e9cialiste du march\u00e9&#8230;<\/p>\n\t<\/div><!-- .entry-summary -->\n\t<footer class=\"entry-footer\">\n\t\t\t<div class=\"entry-actions\">\n\t\t\t<p class=\"more-link-wrap\">\n\t\t\t\t<a href=\"https:\/\/labintersection.com\/index.php\/2023\/11\/29\/quelles-solutions-pour-favoriser-linsertion-professionnelle-des-neets\/\" class=\"post-more-link\">\n\t\t\t\t\tLire la suite<span class=\"screen-reader-text\"> Quelles solutions pour favoriser l\u2019insertion professionnelle des NEETs\u00a0?<\/span><span class=\"kadence-svg-iconset svg-baseline\"><svg aria-hidden=\"true\" class=\"kadence-svg-icon kadence-arrow-right-alt-svg\" fill=\"currentColor\" version=\"1.1\" xmlns=\"http:\/\/www.w3.org\/2000\/svg\" width=\"27\" height=\"28\" viewBox=\"0 0 27 28\"><title>Continuer<\/title><path d=\"M27 13.953c0 0.141-0.063 0.281-0.156 0.375l-6 5.531c-0.156 0.141-0.359 0.172-0.547 0.094-0.172-0.078-0.297-0.25-0.297-0.453v-3.5h-19.5c-0.281 0-0.5-0.219-0.5-0.5v-3c0-0.281 0.219-0.5 0.5-0.5h19.5v-3.5c0-0.203 0.109-0.375 0.297-0.453s0.391-0.047 0.547 0.078l6 5.469c0.094 0.094 0.156 0.219 0.156 0.359v0z\"><\/path>\n\t\t\t<\/svg><\/span>\t\t\t\t<\/a>\n\t\t\t<\/p>\n\t\t<\/div><!-- .entry-actions -->\n\t\t<\/footer><!-- .entry-footer -->\t\t<\/div>\n\t<\/article>\n<\/li>\n<li class=\"kb-post-list-item\">\n\t<article class=\"entry content-bg loop-entry post-4756 post type-post status-publish format-standard has-post-thumbnail hentry category-education-societe\">\n\t\t\t\t<a aria-hidden=\"true\" tabindex=\"-1\" role=\"presentation\" class=\"post-thumbnail kadence-thumbnail-ratio-2-3\" href=\"https:\/\/labintersection.com\/index.php\/2023\/10\/10\/les-jeunes-face-au-defi-de-linsertion-regards-sur-les-neets\/\" aria-label=\"Les jeunes face au d\u00e9fi de l\u2019insertion : regards sur les NEETs\u00a0\">\n\t\t\t<div class=\"post-thumbnail-inner\">\n\t\t\t\t<img loading=\"lazy\" decoding=\"async\" width=\"768\" height=\"464\" src=\"https:\/\/labintersection.com\/wp-content\/uploads\/2023\/10\/pexels-king-siberia-2547907-scaled-e1696842258673-768x464.jpg\" class=\"attachment-medium_large size-medium_large wp-post-image\" alt=\"Les jeunes face au d\u00e9fi de l\u2019insertion : regards sur les NEETs\u00a0\" srcset=\"https:\/\/labintersection.com\/wp-content\/uploads\/2023\/10\/pexels-king-siberia-2547907-scaled-e1696842258673-768x464.jpg 768w, https:\/\/labintersection.com\/wp-content\/uploads\/2023\/10\/pexels-king-siberia-2547907-scaled-e1696842258673-300x181.jpg 300w, https:\/\/labintersection.com\/wp-content\/uploads\/2023\/10\/pexels-king-siberia-2547907-scaled-e1696842258673-1024x619.jpg 1024w, https:\/\/labintersection.com\/wp-content\/uploads\/2023\/10\/pexels-king-siberia-2547907-scaled-e1696842258673-1536x929.jpg 1536w, https:\/\/labintersection.com\/wp-content\/uploads\/2023\/10\/pexels-king-siberia-2547907-scaled-e1696842258673-2048x1239.jpg 2048w\" sizes=\"auto, (max-width: 768px) 100vw, 768px\" \/>\t\t\t<\/div>\n\t\t<\/a><!-- .post-thumbnail -->\n\t\t\t\t<div class=\"entry-content-wrap\">\n\t\t\t<header class=\"entry-header\">\n\t\t<div class=\"entry-taxonomies\">\n\t\t<span class=\"category-links term-links category-style-normal\">\n\t\t\t<a href=\"https:\/\/labintersection.com\/index.php\/category\/education-societe\/\" class=\"category-link-education-societe\" rel=\"tag\">Education \/ Soci\u00e9t\u00e9<\/a>\t\t<\/span>\n\t<\/div><!-- .entry-taxonomies -->\n\t<h2 class=\"entry-title\"><a href=\"https:\/\/labintersection.com\/index.php\/2023\/10\/10\/les-jeunes-face-au-defi-de-linsertion-regards-sur-les-neets\/\" rel=\"bookmark\">Les jeunes face au d\u00e9fi de l\u2019insertion : regards sur les NEETs\u00a0<\/a><\/h2>\t<div class=\"entry-meta entry-meta-divider-dot\">\n\t<span class=\"posted-by\"><span class=\"author vcard\"><span class=\"fn n\">Intersection Le Lab<\/span><\/span><\/span>\t\t\t<span class=\"posted-on\">\n\t\t\t\t<time class=\"entry-date published\" datetime=\"2023-10-10T15:27:27+01:00\">10\/10\/2023<\/time><time class=\"updated\" datetime=\"2023-10-17T09:48:24+01:00\">17\/10\/2023<\/time>\t\t\t<\/span>\n\t\t\t\t<\/div><!-- .entry-meta -->\n\t<\/header><!-- .entry-header -->\n\t<div class=\"entry-summary\">\n\t\t<p>Depuis plus de trois d\u00e9cennies, l\u2019insertion professionnelle des jeunes constitue une pr\u00e9occupation majeure. La Commission europ\u00e9enne a introduit en 2010 un nouvel indicateur&nbsp;: les \u00ab&nbsp;NEETs&nbsp;\u00bb. Contraction de l\u2019expression anglaise&nbsp;Not in Education, Employment or Training, il permet de mesurer la part des jeunes d\u00e9scolaris\u00e9s, sans emploi ou ne suivant aucune formation parmi l\u2019ensemble de la population&#8230;<\/p>\n\t<\/div><!-- .entry-summary -->\n\t<footer class=\"entry-footer\">\n\t\t\t<div class=\"entry-actions\">\n\t\t\t<p class=\"more-link-wrap\">\n\t\t\t\t<a href=\"https:\/\/labintersection.com\/index.php\/2023\/10\/10\/les-jeunes-face-au-defi-de-linsertion-regards-sur-les-neets\/\" class=\"post-more-link\">\n\t\t\t\t\tLire la suite<span class=\"screen-reader-text\"> Les jeunes face au d\u00e9fi de l\u2019insertion : regards sur les NEETs\u00a0<\/span><span class=\"kadence-svg-iconset svg-baseline\"><svg aria-hidden=\"true\" class=\"kadence-svg-icon kadence-arrow-right-alt-svg\" fill=\"currentColor\" version=\"1.1\" xmlns=\"http:\/\/www.w3.org\/2000\/svg\" width=\"27\" height=\"28\" viewBox=\"0 0 27 28\"><title>Continuer<\/title><path d=\"M27 13.953c0 0.141-0.063 0.281-0.156 0.375l-6 5.531c-0.156 0.141-0.359 0.172-0.547 0.094-0.172-0.078-0.297-0.25-0.297-0.453v-3.5h-19.5c-0.281 0-0.5-0.219-0.5-0.5v-3c0-0.281 0.219-0.5 0.5-0.5h19.5v-3.5c0-0.203 0.109-0.375 0.297-0.453s0.391-0.047 0.547 0.078l6 5.469c0.094 0.094 0.156 0.219 0.156 0.359v0z\"><\/path>\n\t\t\t<\/svg><\/span>\t\t\t\t<\/a>\n\t\t\t<\/p>\n\t\t<\/div><!-- .entry-actions -->\n\t\t<\/footer><!-- .entry-footer -->\t\t<\/div>\n\t<\/article>\n<\/li>\n<li class=\"kb-post-list-item\">\n\t<article class=\"entry content-bg loop-entry post-4253 post type-post status-publish format-standard has-post-thumbnail hentry category-education-societe\">\n\t\t\t\t<a aria-hidden=\"true\" tabindex=\"-1\" role=\"presentation\" class=\"post-thumbnail kadence-thumbnail-ratio-2-3\" href=\"https:\/\/labintersection.com\/index.php\/2023\/10\/02\/enseignants-idees-recues-chiffres-cles-et-defis-a-venir\/\" aria-label=\"Enseignants\u00a0: id\u00e9es re\u00e7ues, chiffres cl\u00e9s et d\u00e9fis \u00e0 venir\">\n\t\t\t<div class=\"post-thumbnail-inner\">\n\t\t\t\t<img loading=\"lazy\" decoding=\"async\" width=\"768\" height=\"512\" src=\"https:\/\/labintersection.com\/wp-content\/uploads\/2023\/09\/pexels-max-fischer-5212354-768x512.jpg\" class=\"attachment-medium_large size-medium_large wp-post-image\" alt=\"Enseignants\u00a0: id\u00e9es re\u00e7ues, chiffres cl\u00e9s et d\u00e9fis \u00e0 venir\" srcset=\"https:\/\/labintersection.com\/wp-content\/uploads\/2023\/09\/pexels-max-fischer-5212354-768x512.jpg 768w, https:\/\/labintersection.com\/wp-content\/uploads\/2023\/09\/pexels-max-fischer-5212354-300x200.jpg 300w, https:\/\/labintersection.com\/wp-content\/uploads\/2023\/09\/pexels-max-fischer-5212354-1024x683.jpg 1024w, https:\/\/labintersection.com\/wp-content\/uploads\/2023\/09\/pexels-max-fischer-5212354-1536x1024.jpg 1536w, https:\/\/labintersection.com\/wp-content\/uploads\/2023\/09\/pexels-max-fischer-5212354-2048x1365.jpg 2048w\" sizes=\"auto, (max-width: 768px) 100vw, 768px\" \/>\t\t\t<\/div>\n\t\t<\/a><!-- .post-thumbnail -->\n\t\t\t\t<div class=\"entry-content-wrap\">\n\t\t\t<header class=\"entry-header\">\n\t\t<div class=\"entry-taxonomies\">\n\t\t<span class=\"category-links term-links category-style-normal\">\n\t\t\t<a href=\"https:\/\/labintersection.com\/index.php\/category\/education-societe\/\" class=\"category-link-education-societe\" rel=\"tag\">Education \/ Soci\u00e9t\u00e9<\/a>\t\t<\/span>\n\t<\/div><!-- .entry-taxonomies -->\n\t<h2 class=\"entry-title\"><a href=\"https:\/\/labintersection.com\/index.php\/2023\/10\/02\/enseignants-idees-recues-chiffres-cles-et-defis-a-venir\/\" rel=\"bookmark\">Enseignants\u00a0: id\u00e9es re\u00e7ues, chiffres cl\u00e9s et d\u00e9fis \u00e0 venir<\/a><\/h2>\t<div class=\"entry-meta entry-meta-divider-dot\">\n\t<span class=\"posted-by\"><span class=\"author vcard\"><span class=\"fn n\">Intersection Le Lab<\/span><\/span><\/span>\t\t\t<span class=\"posted-on\">\n\t\t\t\t<time class=\"entry-date published\" datetime=\"2023-10-02T10:35:58+01:00\">02\/10\/2023<\/time><time class=\"updated\" datetime=\"2023-10-02T10:59:21+01:00\">02\/10\/2023<\/time>\t\t\t<\/span>\n\t\t\t\t<\/div><!-- .entry-meta -->\n\t<\/header><!-- .entry-header -->\n\t<div class=\"entry-summary\">\n\t\t<p>Ce 5 octobre est c\u00e9l\u00e9br\u00e9e la&nbsp;Journ\u00e9e des enseignants. Cet \u00e9v\u00e8nement, organis\u00e9 depuis pr\u00e8s de 30 ans conjointement par l\u2019UNESCO, l\u2019Organisation Internationale du Travail, l\u2019UNICEF et l\u2019Internationale de l\u2019\u00c9ducation, met \u00e0 l\u2019honneur les professeurs du monde entier. Cette ann\u00e9e, la th\u00e9matique porte sur \u00ab&nbsp;L\u2019imp\u00e9ratif mondial de rem\u00e9dier \u00e0 la p\u00e9nurie d\u2019enseignants&nbsp;\u00bb. Partout dans le monde, les&#8230;<\/p>\n\t<\/div><!-- .entry-summary -->\n\t<footer class=\"entry-footer\">\n\t\t\t<div class=\"entry-actions\">\n\t\t\t<p class=\"more-link-wrap\">\n\t\t\t\t<a href=\"https:\/\/labintersection.com\/index.php\/2023\/10\/02\/enseignants-idees-recues-chiffres-cles-et-defis-a-venir\/\" class=\"post-more-link\">\n\t\t\t\t\tLire la suite<span class=\"screen-reader-text\"> Enseignants\u00a0: id\u00e9es re\u00e7ues, chiffres cl\u00e9s et d\u00e9fis \u00e0 venir<\/span><span class=\"kadence-svg-iconset svg-baseline\"><svg aria-hidden=\"true\" class=\"kadence-svg-icon kadence-arrow-right-alt-svg\" fill=\"currentColor\" version=\"1.1\" xmlns=\"http:\/\/www.w3.org\/2000\/svg\" width=\"27\" height=\"28\" viewBox=\"0 0 27 28\"><title>Continuer<\/title><path d=\"M27 13.953c0 0.141-0.063 0.281-0.156 0.375l-6 5.531c-0.156 0.141-0.359 0.172-0.547 0.094-0.172-0.078-0.297-0.25-0.297-0.453v-3.5h-19.5c-0.281 0-0.5-0.219-0.5-0.5v-3c0-0.281 0.219-0.5 0.5-0.5h19.5v-3.5c0-0.203 0.109-0.375 0.297-0.453s0.391-0.047 0.547 0.078l6 5.469c0.094 0.094 0.156 0.219 0.156 0.359v0z\"><\/path>\n\t\t\t<\/svg><\/span>\t\t\t\t<\/a>\n\t\t\t<\/p>\n\t\t<\/div><!-- .entry-actions -->\n\t\t<\/footer><!-- .entry-footer -->\t\t<\/div>\n\t<\/article>\n<\/li>\n<li class=\"kb-post-list-item\">\n\t<article class=\"entry content-bg loop-entry post-4226 post type-post status-publish format-standard has-post-thumbnail hentry category-responsabilite-societale\">\n\t\t\t\t<a aria-hidden=\"true\" tabindex=\"-1\" role=\"presentation\" class=\"post-thumbnail kadence-thumbnail-ratio-2-3\" href=\"https:\/\/labintersection.com\/index.php\/2023\/09\/03\/comment-faire-de-la-rse-un-veritable-investissement-strategique\/\" aria-label=\"Comment faire de la RSE un v\u00e9ritable investissement strat\u00e9gique\u00a0?\">\n\t\t\t<div class=\"post-thumbnail-inner\">\n\t\t\t\t<img loading=\"lazy\" decoding=\"async\" width=\"768\" height=\"432\" src=\"https:\/\/labintersection.com\/wp-content\/uploads\/2023\/09\/pexels-marek-piwnicki-13327954-redim-768x432.jpg\" class=\"attachment-medium_large size-medium_large wp-post-image\" alt=\"Comment faire de la RSE un v\u00e9ritable investissement strat\u00e9gique\u00a0?\" srcset=\"https:\/\/labintersection.com\/wp-content\/uploads\/2023\/09\/pexels-marek-piwnicki-13327954-redim-768x432.jpg 768w, https:\/\/labintersection.com\/wp-content\/uploads\/2023\/09\/pexels-marek-piwnicki-13327954-redim-300x169.jpg 300w, https:\/\/labintersection.com\/wp-content\/uploads\/2023\/09\/pexels-marek-piwnicki-13327954-redim-1024x576.jpg 1024w, https:\/\/labintersection.com\/wp-content\/uploads\/2023\/09\/pexels-marek-piwnicki-13327954-redim-1536x864.jpg 1536w, https:\/\/labintersection.com\/wp-content\/uploads\/2023\/09\/pexels-marek-piwnicki-13327954-redim-2048x1152.jpg 2048w\" sizes=\"auto, (max-width: 768px) 100vw, 768px\" \/>\t\t\t<\/div>\n\t\t<\/a><!-- .post-thumbnail -->\n\t\t\t\t<div class=\"entry-content-wrap\">\n\t\t\t<header class=\"entry-header\">\n\t\t<div class=\"entry-taxonomies\">\n\t\t<span class=\"category-links term-links category-style-normal\">\n\t\t\t<a href=\"https:\/\/labintersection.com\/index.php\/category\/responsabilite-societale\/\" class=\"category-link-responsabilite-societale\" rel=\"tag\">Responsabilit\u00e9 soci\u00e9tale<\/a>\t\t<\/span>\n\t<\/div><!-- .entry-taxonomies -->\n\t<h2 class=\"entry-title\"><a href=\"https:\/\/labintersection.com\/index.php\/2023\/09\/03\/comment-faire-de-la-rse-un-veritable-investissement-strategique\/\" rel=\"bookmark\">Comment faire de la RSE un v\u00e9ritable investissement strat\u00e9gique\u00a0?<\/a><\/h2>\t<div class=\"entry-meta entry-meta-divider-dot\">\n\t<span class=\"posted-by\"><span class=\"author vcard\"><span class=\"fn n\">Intersection Le Lab<\/span><\/span><\/span>\t\t\t<span class=\"posted-on\">\n\t\t\t\t<time class=\"entry-date published\" datetime=\"2023-09-03T14:39:18+01:00\">03\/09\/2023<\/time><time class=\"updated\" datetime=\"2023-10-02T10:58:49+01:00\">02\/10\/2023<\/time>\t\t\t<\/span>\n\t\t\t\t<\/div><!-- .entry-meta -->\n\t<\/header><!-- .entry-header -->\n\t<div class=\"entry-summary\">\n\t\t<p>L\u2019urgence sociale et climatique n\u00e9cessite une mobilisation de tous les acteurs, et en particulier des entreprises. L\u2019engagement de ces derni\u00e8res en faveur du climat, de l\u2019insertion, de la r\u00e9duction des in\u00e9galit\u00e9s, n\u2019est pas seulement une pr\u00e9occupation pour les jeunes g\u00e9n\u00e9rations. Salari\u00e9s, consommateurs, investisseurs, citoyens\u2026 les attentes sont fortes dans toutes les sph\u00e8res de la soci\u00e9t\u00e9&#8230;.<\/p>\n\t<\/div><!-- .entry-summary -->\n\t<footer class=\"entry-footer\">\n\t\t\t<div class=\"entry-actions\">\n\t\t\t<p class=\"more-link-wrap\">\n\t\t\t\t<a href=\"https:\/\/labintersection.com\/index.php\/2023\/09\/03\/comment-faire-de-la-rse-un-veritable-investissement-strategique\/\" class=\"post-more-link\">\n\t\t\t\t\tLire la suite<span class=\"screen-reader-text\"> Comment faire de la RSE un v\u00e9ritable investissement strat\u00e9gique\u00a0?<\/span><span class=\"kadence-svg-iconset svg-baseline\"><svg aria-hidden=\"true\" class=\"kadence-svg-icon kadence-arrow-right-alt-svg\" fill=\"currentColor\" version=\"1.1\" xmlns=\"http:\/\/www.w3.org\/2000\/svg\" width=\"27\" height=\"28\" viewBox=\"0 0 27 28\"><title>Continuer<\/title><path d=\"M27 13.953c0 0.141-0.063 0.281-0.156 0.375l-6 5.531c-0.156 0.141-0.359 0.172-0.547 0.094-0.172-0.078-0.297-0.25-0.297-0.453v-3.5h-19.5c-0.281 0-0.5-0.219-0.5-0.5v-3c0-0.281 0.219-0.5 0.5-0.5h19.5v-3.5c0-0.203 0.109-0.375 0.297-0.453s0.391-0.047 0.547 0.078l6 5.469c0.094 0.094 0.156 0.219 0.156 0.359v0z\"><\/path>\n\t\t\t<\/svg><\/span>\t\t\t\t<\/a>\n\t\t\t<\/p>\n\t\t<\/div><!-- .entry-actions -->\n\t\t<\/footer><!-- .entry-footer -->\t\t<\/div>\n\t<\/article>\n<\/li>\n<\/ul><\/div><\/div>\n\n<\/div><\/div>","protected":false},"excerpt":{"rendered":"<p>Actualit\u00e9s<\/p>\n","protected":false},"author":1,"featured_media":0,"parent":0,"menu_order":0,"comment_status":"closed","ping_status":"closed","template":"","meta":{"qubely_global_settings":"","qubely_interactions":"","om_disable_all_campaigns":false,"_monsterinsights_skip_tracking":false,"_monsterinsights_sitenote_active":false,"_monsterinsights_sitenote_note":"","_monsterinsights_sitenote_category":0,"_kad_post_transparent":"","_kad_post_title":"hide","_kad_post_layout":"fullwidth","_kad_post_sidebar_id":"","_kad_post_content_style":"unboxed","_kad_post_vertical_padding":"","_kad_post_feature":"","_kad_post_feature_position":"","_kad_post_header":false,"_kad_post_footer":false,"footnotes":""},"class_list":["post-4708","page","type-page","status-publish","hentry"],"_links":{"self":[{"href":"https:\/\/labintersection.com\/index.php\/wp-json\/wp\/v2\/pages\/4708","targetHints":{"allow":["GET"]}}],"collection":[{"href":"https:\/\/labintersection.com\/index.php\/wp-json\/wp\/v2\/pages"}],"about":[{"href":"https:\/\/labintersection.com\/index.php\/wp-json\/wp\/v2\/types\/page"}],"author":[{"embeddable":true,"href":"https:\/\/labintersection.com\/index.php\/wp-json\/wp\/v2\/users\/1"}],"replies":[{"embeddable":true,"href":"https:\/\/labintersection.com\/index.php\/wp-json\/wp\/v2\/comments?post=4708"}],"version-history":[{"count":10,"href":"https:\/\/labintersection.com\/index.php\/wp-json\/wp\/v2\/pages\/4708\/revisions"}],"predecessor-version":[{"id":4750,"href":"https:\/\/labintersection.com\/index.php\/wp-json\/wp\/v2\/pages\/4708\/revisions\/4750"}],"wp:attachment":[{"href":"https:\/\/labintersection.com\/index.php\/wp-json\/wp\/v2\/media?parent=4708"}],"curies":[{"name":"wp","href":"https:\/\/api.w.org\/{rel}","templated":true}]}}